{"id":64,"date":"1998-06-17T23:35:47","date_gmt":"1998-06-17T21:35:47","guid":{"rendered":"https:\/\/psychose-seminar.info\/?page_id=64"},"modified":"1998-06-17T23:35:47","modified_gmt":"1998-06-17T21:35:47","slug":"wohnen-mit-psychotisch-erkrankten-menschen-schwierigkeiten-und-moeglichkeiten","status":"publish","type":"page","link":"https:\/\/www.psychose-seminar.de\/?page_id=64","title":{"rendered":"Wohnen mit psychotisch erkrankten Menschen &#8211; Schwierigkeiten und M\u00f6glichkeiten"},"content":{"rendered":"<p><b>Psychoseseminar am 17. Juni 1998<\/b><\/p>\n<p>Vorbereitung:<\/p>\n<p>Grundgedanke: Wohnen ver\u00e4ndert sich durch die Erkrankung<\/p>\n<p>Profis informieren zur Sache (insgesamt ca. 15 Min.)<\/p>\n<p>Fr. Dr. B.\u2014G. (RK), Fr. L. Sozialarbeiterin (Mosaik), Betroffene<\/p>\n<p>Gespr\u00e4ch: Erfahrungen \u2014 Fragen<\/p>\n<p>vor und nach der Pause \u2014 evtl. Themen sammeln f\u00fcr Herbst<\/p>\n<p>Moderation: Fr. M., Sozialarbeiterin<\/p>\n<p>Ziel: Information und Erfahrungsaustausch<\/p>\n<p><b>Durchf\u00fchrung:<\/b><\/p>\n<p>anwesendes Fachpersonal: Fr. B.\u2014G., Fr. H., Fr. L., mehrere Mitarbeiterinnen des Wohnheimes der Kette e. V. in Kreuzau<\/p>\n<p>Teilnehmerinnen (insg.): ca. 23 Personen<\/p>\n<p>Infos \u00fcber das Seminar: v. a. \u00fcber Plakate und pers\u00f6nl. Ansprache<\/p>\n<p>Ablauf s. o.<\/p>\n<p><b>Durchf\u00fchrung:<\/b><\/p>\n<p>anwesendes \u00e4rztl. Fachpersonal: Dr. A. (RK D\u00fcren)<\/p>\n<p>Teilnehmerinnen (insg.): ca. 20 Personen<\/p>\n<p>Infos zum Seminar \u00fcber:<\/p>\n<p>Vorgehensweise s. o.<\/p>\n<p>plus Erg\u00e4nzungen:<\/p>\n<ul>\n<li>Schuldzuweisung<\/li>\n<li>Versagens\u00e4ngste<\/li>\n<li>Bedrohung durch den Erkrankten<\/li>\n<\/ul>\n<p>W\u00fcnsche:<\/p>\n<ul>\n<li>Hausbesuche in Akutf\u00e4llen (Notdienst f\u00fcr Psychiatrie)<\/li>\n<\/ul>\n<p>Unterst\u00fctzung f\u00fcr Angeh\u00f6rige:<\/p>\n<ul>\n<li>Angeh\u00f6rigengruppe in der Klinik<\/li>\n<li>\u00c4rzte<\/li>\n<li>Psychoseseminar<\/li>\n<li>Gesundheitsamt<\/li>\n<li>Psychologen<\/li>\n<li>Die Kette<\/li>\n<li>Kontakt- und Beratungsstellen<\/li>\n<li>Fachliteratur<\/li>\n<li>Ambulanter Dienst<\/li>\n<li>Betreuungsstellen<\/li>\n<li>Notarzt<\/li>\n<\/ul>\n<p><iframe loading=\"lazy\" src=\"https:\/\/www.psychoseseminar.info\/p-seminar\/1998-06.htm\" width=\"350\" height=\"75\" frameborder=\"0\" marginwidth=\"0\" marginheight=\"0\" scrolling=\"no\"><\/iframe><\/p>\n","protected":false},"excerpt":{"rendered":"<p>Psychoseseminar am 17. Juni 1998 Vorbereitung: Grundgedanke: Wohnen ver\u00e4ndert sich durch die Erkrankung Profis informieren zur Sache (insgesamt ca. 15 Min.) Fr. Dr. B.\u2014G. (RK), Fr. L. Sozialarbeiterin (Mosaik), Betroffene Gespr\u00e4ch: Erfahrungen \u2014 Fragen vor und nach der Pause \u2014 evtl. Themen sammeln f\u00fcr Herbst Moderation: Fr. M., Sozialarbeiterin Ziel: Information und Erfahrungsaustausch Durchf\u00fchrung: anwesendes [&hellip;]<\/p>\n","protected":false},"author":2,"featured_media":0,"parent":14,"menu_order":-13,"comment_status":"closed","ping_status":"closed","template":"","meta":[],"_links":{"self":[{"href":"https:\/\/www.psychose-seminar.de\/index.php?rest_route=\/wp\/v2\/pages\/64"}],"collection":[{"href":"https:\/\/www.psychose-seminar.de\/index.php?rest_route=\/wp\/v2\/pages"}],"about":[{"href":"https:\/\/www.psychose-seminar.de\/index.php?rest_route=\/wp\/v2\/types\/page"}],"author":[{"embeddable":true,"href":"https:\/\/www.psychose-seminar.de\/index.php?rest_route=\/wp\/v2\/users\/2"}],"replies":[{"embeddable":true,"href":"https:\/\/www.psychose-seminar.de\/index.php?rest_route=%2Fwp%2Fv2%2Fcomments&post=64"}],"version-history":[{"count":0,"href":"https:\/\/www.psychose-seminar.de\/index.php?rest_route=\/wp\/v2\/pages\/64\/revisions"}],"up":[{"embeddable":true,"href":"https:\/\/www.psychose-seminar.de\/index.php?rest_route=\/wp\/v2\/pages\/14"}],"wp:attachment":[{"href":"https:\/\/www.psychose-seminar.de\/index.php?rest_route=%2Fwp%2Fv2%2Fmedia&parent=64"}],"curies":[{"name":"wp","href":"https:\/\/api.w.org\/{rel}","templated":true}]}}